{"id":1921,"date":"2024-12-24T22:15:27","date_gmt":"2024-12-25T03:15:27","guid":{"rendered":"https:\/\/stereovisiondedios.com\/?page_id=1921"},"modified":"2025-08-19T15:40:44","modified_gmt":"2025-08-19T18:40:44","slug":"noticias","status":"publish","type":"page","link":"https:\/\/stereovisiondedios.com\/?page_id=1921","title":{"rendered":"Noticias"},"content":{"rendered":"\t\t<div data-elementor-type=\"wp-page\" data-elementor-id=\"1921\" class=\"elementor elementor-1921\" data-elementor-post-type=\"page\">\n\t\t\t\t<div class=\"elementor-element elementor-element-993595a e-flex e-con-boxed e-con e-parent\" data-id=\"993595a\" data-element_type=\"container\" data-e-type=\"container\">\n\t\t\t\t\t<div class=\"e-con-inner\">\n\t\t\t\t<div class=\"elementor-element elementor-element-c31d765 elementor-widget elementor-widget-elty_section_4\" data-id=\"c31d765\" data-element_type=\"widget\" data-e-type=\"widget\" data-widget_type=\"elty_section_4.default\">\n\t\t\t\t<div class=\"elementor-widget-container\">\n\t\t\t\t\t      <div class=\"elty-section-4\">\r\n                     <div class=\"elty-section__title\">\r\n               <h2>\u00daltimas entradas<\/h2>\r\n            <\/div>\r\n                  <div class=\"elty-section__items\">\r\n   \r\n<article class=\"related-item\">\r\n   <picture class=\"related-item__thumbnail\">\r\n      <a href=\"https:\/\/stereovisiondedios.com\/?p=7798\"><img decoding=\"async\" src=\"https:\/\/placehold.co\/500x500?text=No image\" alt=\"Honduras | 37 mil personas alabaron a Dios en el evento \u2018Soy de Cristo en Movimiento\u2019\" \/><\/a>\r\n   <\/picture>\r\n   <div class=\"related-item__body\">\r\n      <a href=\"https:\/\/stereovisiondedios.com\/?cat=1\" class=\"nexopost\">NexoPost<\/a>      <h2><a href=\"https:\/\/stereovisiondedios.com\/?p=7798\">Honduras | 37 mil personas alabaron a Dios en el evento \u2018Soy de Cristo en Movimiento\u2019<\/a><\/h2>\r\n      <p>\r\n         M\u00e1s de 37 mil personas se concentraron en el Estadio Ol\u00edmpico Metropolitano de San Pedro Sula, en Honduras, para asistir al evento denominado \u201cSoy de Cristo en Movimiento\u201d.\u00a0Este congreso juvenil fue realizado durante cuatro d\u00edas a inicios de agosto y esta semana dieron a conocer las cifras de asistencia. Los presentes acudieron el recinto deportivo [&hellip;]      <\/p>\r\n   <\/div>\r\n<\/article>\r\n<article class=\"related-item\">\r\n   <picture class=\"related-item__thumbnail\">\r\n      <a href=\"https:\/\/stereovisiondedios.com\/?p=7797\"><img decoding=\"async\" src=\"https:\/\/placehold.co\/500x500?text=No image\" alt=\"Encuesta | Mapa religioso de Uruguay ante la visita del Papa\" \/><\/a>\r\n   <\/picture>\r\n   <div class=\"related-item__body\">\r\n      <a href=\"https:\/\/stereovisiondedios.com\/?cat=1\" class=\"nexopost\">NexoPost<\/a>      <h2><a href=\"https:\/\/stereovisiondedios.com\/?p=7797\">Encuesta | Mapa religioso de Uruguay ante la visita del Papa<\/a><\/h2>\r\n      <p>\r\n         La \u00faltima encuesta nacional de CIFRA, realizada entre el 7 y el 18 de agosto de 2026, confirma una tendencia que Uruguay viene consolidando desde hace tres d\u00e9cadas: la religiosidad disminuye, el catolicismo pierde peso y las identidades no cat\u00f3licas \u2014incluidas las evang\u00e9licas\u2014 ganan visibilidad dentro de un pa\u00eds que se reconoce cada vez m\u00e1s [&hellip;]      <\/p>\r\n   <\/div>\r\n<\/article>\r\n<article class=\"related-item\">\r\n   <picture class=\"related-item__thumbnail\">\r\n      <a href=\"https:\/\/stereovisiondedios.com\/?p=7795\"><img decoding=\"async\" src=\"https:\/\/cms.evangelicodigital.com\/upload\/imagenes\/6a947b3441d3c_BigChurchFestivalW1.jpg\" alt=\"Tragedia en el Big Church Festival, el mayor evento cristiano de Reino Unido\" \/><\/a>\r\n   <\/picture>\r\n   <div class=\"related-item__body\">\r\n      <a href=\"https:\/\/stereovisiondedios.com\/?cat=1\" class=\"nexopost\">NexoPost<\/a>      <h2><a href=\"https:\/\/stereovisiondedios.com\/?p=7795\">Tragedia en el Big Church Festival, el mayor evento cristiano de Reino Unido<\/a><\/h2>\r\n      <p>\r\n         Un grave accidente oblig\u00f3 a cancelar el Big Church Festival, uno de los eventos cristianos m\u00e1s grandes del Reino Unido, despu\u00e9s de que un enorme cartel de madera se desplomara sobre los asistentes en Wiston Park, Sussex. El incidente ocurri\u00f3 el viernes por la tarde y provoc\u00f3 la muerte de un hombre de 41 a\u00f1os, [&hellip;]      <\/p>\r\n   <\/div>\r\n<\/article>\r\n<article class=\"related-item\">\r\n   <picture class=\"related-item__thumbnail\">\r\n      <a href=\"https:\/\/stereovisiondedios.com\/?p=7794\"><img decoding=\"async\" src=\"https:\/\/placehold.co\/500x500?text=No image\" alt=\"Paraguay | El Senado aprueba el \u00faltimo domingo de octubre como D\u00eda de la Iglesia Evang\u00e9lica\" \/><\/a>\r\n   <\/picture>\r\n   <div class=\"related-item__body\">\r\n      <a href=\"https:\/\/stereovisiondedios.com\/?cat=1\" class=\"nexopost\">NexoPost<\/a>      <h2><a href=\"https:\/\/stereovisiondedios.com\/?p=7794\">Paraguay | El Senado aprueba el \u00faltimo domingo de octubre como D\u00eda de la Iglesia Evang\u00e9lica<\/a><\/h2>\r\n      <p>\r\n         Con la finalidad de \u201cdifundir y promover el aporte hist\u00f3rico, cultural, social, educativo, humanitario y espiritual de las Iglesias evang\u00e9licas del Paraguay\u201d, la C\u00e1mara Alta aprob\u00f3 un proyecto de ley que declara el D\u00eda de la Iglesia Evang\u00e9lica del Paraguay. La iniciativa avanz\u00f3 durante la sesi\u00f3n ordinaria de la C\u00e1mara Alta con modificaciones respecto de [&hellip;]      <\/p>\r\n   <\/div>\r\n<\/article>\r\n<article class=\"related-item\">\r\n   <picture class=\"related-item__thumbnail\">\r\n      <a href=\"https:\/\/stereovisiondedios.com\/?p=7792\"><img decoding=\"async\" src=\"https:\/\/cms.evangelicodigital.com\/upload\/imagenes\/6a9152199c306_Bibliabala.jpg\" alt=\"Honduras | Asesinan al pastor y exjugador de f\u00fatbol Malcon Hern\u00e1ndez en Catacamas\" \/><\/a>\r\n   <\/picture>\r\n   <div class=\"related-item__body\">\r\n      <a href=\"https:\/\/stereovisiondedios.com\/?cat=1\" class=\"nexopost\">NexoPost<\/a>      <h2><a href=\"https:\/\/stereovisiondedios.com\/?p=7792\">Honduras | Asesinan al pastor y exjugador de f\u00fatbol Malcon Hern\u00e1ndez en Catacamas<\/a><\/h2>\r\n      <p>\r\n         El pastor evang\u00e9lico Malcon Oduber Hern\u00e1ndez, de 46 a\u00f1os, fue encontrado muerto junto a su ayudante dentro de una vivienda en construcci\u00f3n en la zona sur de Catacamas, Olancho, la ma\u00f1ana del 27 de agosto de 2026.\u00a0 El hallazgo se produjo despu\u00e9s de que ambos fueran reportados como desaparecidos desde el d\u00eda anterior, tras salir [&hellip;]      <\/p>\r\n   <\/div>\r\n<\/article>\r\n<article class=\"related-item\">\r\n   <picture class=\"related-item__thumbnail\">\r\n      <a href=\"https:\/\/stereovisiondedios.com\/?p=7790\"><img decoding=\"async\" src=\"https:\/\/cms.evangelicodigital.com\/upload\/imagenes\/6a900d48bb0b8_iglesiatexasW1.jpg\" alt=\"Texas | Dianne Garc\u00eda: \u2018Dios me llam\u00f3 a fundar esta iglesia para ayudar en este tiempo\u2019\" \/><\/a>\r\n   <\/picture>\r\n   <div class=\"related-item__body\">\r\n      <a href=\"https:\/\/stereovisiondedios.com\/?cat=1\" class=\"nexopost\">NexoPost<\/a>      <h2><a href=\"https:\/\/stereovisiondedios.com\/?p=7790\">Texas | Dianne Garc\u00eda: \u2018Dios me llam\u00f3 a fundar esta iglesia para ayudar en este tiempo\u2019<\/a><\/h2>\r\n      <p>\r\n         La iglesia menonita \u201cRoca de Refugio\u201d fue fundada en 2023 por la pastora Dianne Garc\u00eda en San Antonio, Texas. Sse ha convertido en un punto de apoyo para cientos de familias migrantes afectadas por el incremento de detenciones federales desde el regreso de Donald Trump a la Casa Blanca. Seg\u00fan los registros que la propia [&hellip;]      <\/p>\r\n   <\/div>\r\n<\/article>\r\n<article class=\"related-item\">\r\n   <picture class=\"related-item__thumbnail\">\r\n      <a href=\"https:\/\/stereovisiondedios.com\/?p=7788\"><img decoding=\"async\" src=\"https:\/\/cms.evangelicodigital.com\/upload\/imagenes\/6a916663bd051_nepalW3.jpg\" alt=\"Numerosos cristianos entre las v\u00edctimas, y tambi\u00e9n liderando la ayuda en Nepal\" \/><\/a>\r\n   <\/picture>\r\n   <div class=\"related-item__body\">\r\n      <a href=\"https:\/\/stereovisiondedios.com\/?cat=1\" class=\"nexopost\">NexoPost<\/a>      <h2><a href=\"https:\/\/stereovisiondedios.com\/?p=7788\">Numerosos cristianos entre las v\u00edctimas, y tambi\u00e9n liderando la ayuda en Nepal<\/a><\/h2>\r\n      <p>\r\n         Las devastadoras inundaciones que golpearon el norte de Nepal el 26 de agosto han dejado cientos de fallecidos y m\u00e1s de 1.400 desaparecidos en Nepal y el T\u00edbet, arrasando ciudades enteras en cuesti\u00f3n de horas. El desastre, descrito por el ministro de Asuntos Exteriores Shisir Khanal como uno de los peores en la memoria reciente [&hellip;]      <\/p>\r\n   <\/div>\r\n<\/article>\r\n<article class=\"related-item\">\r\n   <picture class=\"related-item__thumbnail\">\r\n      <a href=\"https:\/\/stereovisiondedios.com\/?p=7787\"><img decoding=\"async\" src=\"https:\/\/placehold.co\/500x500?text=No image\" alt=\"Organizaciones evang\u00e9licas responden a la tragedia en Nepal\" \/><\/a>\r\n   <\/picture>\r\n   <div class=\"related-item__body\">\r\n      <a href=\"https:\/\/stereovisiondedios.com\/?cat=1\" class=\"nexopost\">NexoPost<\/a>      <h2><a href=\"https:\/\/stereovisiondedios.com\/?p=7787\">Organizaciones evang\u00e9licas responden a la tragedia en Nepal<\/a><\/h2>\r\n      <p>\r\n         El pasado mi\u00e9rcoles\u00a026 de agosto\u00a0una serie de\u00a0crecidas repentinas devastadoras\u00a0recorri\u00f3 el curso alto del r\u00edo Trishuli en Nepal, afectando gravemente a decenas de asentamientos en los distritos de Rasuwa y Nuwakot, cerca de la frontera con China. La avalancha de agua, barro y escombros ha causado al menos\u00a0390 muertos\u00a0confirmados en Nepal, mientras contin\u00faan las operaciones de [&hellip;]      <\/p>\r\n   <\/div>\r\n<\/article>\r\n<article class=\"related-item\">\r\n   <picture class=\"related-item__thumbnail\">\r\n      <a href=\"https:\/\/stereovisiondedios.com\/?p=7786\"><img decoding=\"async\" src=\"https:\/\/placehold.co\/500x500?text=No image\" alt=\"EEUU | La Universidad Grand Canyon impartir\u00e1 ense\u00f1anzas sobre \u2018fundamentos b\u00edblicos\u2019 de occidente\" \/><\/a>\r\n   <\/picture>\r\n   <div class=\"related-item__body\">\r\n      <a href=\"https:\/\/stereovisiondedios.com\/?cat=1\" class=\"nexopost\">NexoPost<\/a>      <h2><a href=\"https:\/\/stereovisiondedios.com\/?p=7786\">EEUU | La Universidad Grand Canyon impartir\u00e1 ense\u00f1anzas sobre \u2018fundamentos b\u00edblicos\u2019 de occidente<\/a><\/h2>\r\n      <p>\r\n         La Universidad Grand Canyon (GCU) en Phoenix, Arizona, anunci\u00f3 sus planes para abrir una Facultad de Derecho y una Facultad de Construcci\u00f3n y Tecnolog\u00edas Industriales y seg\u00fan sus autoridades, forma parte de un esfuerzo por garantizar que los estudiantes comprendan los fundamentos b\u00edblicos de la civilizaci\u00f3n occidental y del derecho. \u201cPara la Facultad de Derecho, [&hellip;]      <\/p>\r\n   <\/div>\r\n<\/article>\r\n<article class=\"related-item\">\r\n   <picture class=\"related-item__thumbnail\">\r\n      <a href=\"https:\/\/stereovisiondedios.com\/?p=7785\"><img decoding=\"async\" src=\"https:\/\/placehold.co\/500x500?text=No image\" alt=\"Bandas en Hait\u00ed asesinan 22 personas refugiadas en una iglesia\" \/><\/a>\r\n   <\/picture>\r\n   <div class=\"related-item__body\">\r\n      <a href=\"https:\/\/stereovisiondedios.com\/?cat=1\" class=\"nexopost\">NexoPost<\/a>      <h2><a href=\"https:\/\/stereovisiondedios.com\/?p=7785\">Bandas en Hait\u00ed asesinan 22 personas refugiadas en una iglesia<\/a><\/h2>\r\n      <p>\r\n         Los agresores son, casi con toda seguridad, la coalici\u00f3n de bandas criminales Viv Ansanm, que aterroriza las inmediaciones de la capital Port-au-Prince.\u00a0 \u201cUn ataque atroz\u201d y una \u201cnoche de terror\u201d, as\u00ed describieron las autoridades de Hait\u00ed el asesinato de por lo menos 47 personas la madrugada del lunes 24\u00a0de agosto en la comuna de Kenscoff.\u00a0 [&hellip;]      <\/p>\r\n   <\/div>\r\n<\/article>\r\n<article class=\"related-item\">\r\n   <picture class=\"related-item__thumbnail\">\r\n      <a href=\"https:\/\/stereovisiondedios.com\/?p=7783\"><img decoding=\"async\" src=\"https:\/\/cms.evangelicodigital.com\/upload\/imagenes\/6a8db985736b4_UcraniaW1.jpg\" alt=\"Ucrania | La Alianza Evang\u00e9lica Mundial y Europea asisten al Desayuno de Oraci\u00f3n con Zelenzki\" \/><\/a>\r\n   <\/picture>\r\n   <div class=\"related-item__body\">\r\n      <a href=\"https:\/\/stereovisiondedios.com\/?cat=1\" class=\"nexopost\">NexoPost<\/a>      <h2><a href=\"https:\/\/stereovisiondedios.com\/?p=7783\">Ucrania | La Alianza Evang\u00e9lica Mundial y Europea asisten al Desayuno de Oraci\u00f3n con Zelenzki<\/a><\/h2>\r\n      <p>\r\n         Los secretarios generales de las Alianzas Evang\u00e9licas\u00a0Mundial (WEA) y Europea (EEA),\u00a0Botrus Mansour\u00a0y\u00a0Jan Wessels\u00a0, han viajado a Ucrania con un grupo de 10 l\u00edderes evang\u00e9licos. Durante los dos primeros d\u00edas, visitaron las ciudades\u00a0ucranianas\u00a0de Lviv e Irpin, \u00abobservando las\u00a0se\u00f1ales y el impacto de la guerra\u00a0y conociendo la incansable labor de las iglesias evang\u00e9licas\u00bb, explic\u00f3 Mansour en sus [&hellip;]      <\/p>\r\n   <\/div>\r\n<\/article>\r\n<article class=\"related-item\">\r\n   <picture class=\"related-item__thumbnail\">\r\n      <a href=\"https:\/\/stereovisiondedios.com\/?p=7782\"><img decoding=\"async\" src=\"https:\/\/placehold.co\/500x500?text=No image\" alt=\"Grace Community Church nombra a un nuevo pastor despu\u00e9s de la muerte de John MacArthur\" \/><\/a>\r\n   <\/picture>\r\n   <div class=\"related-item__body\">\r\n      <a href=\"https:\/\/stereovisiondedios.com\/?cat=1\" class=\"nexopost\">NexoPost<\/a>      <h2><a href=\"https:\/\/stereovisiondedios.com\/?p=7782\">Grace Community Church nombra a un nuevo pastor despu\u00e9s de la muerte de John MacArthur<\/a><\/h2>\r\n      <p>\r\n         La Iglesia Grace Community Church (GCC), con sede en California y que anteriormente dirigi\u00f3 el ahora fallecido pastor John MacArthur, ha nombrado a Nathan Busenitz como su nuevo pastor principal. Seg\u00fan la web de esta congregaci\u00f3n, los ancianos afirmaron el 20 de agosto de manera un\u00e1nime a Busenitz y le encomendaron la responsabilidad de \u201cpastorear [&hellip;]      <\/p>\r\n   <\/div>\r\n<\/article><\/div>      <\/div>\r\n\t\t\t\t<\/div>\n\t\t\t\t<\/div>\n\t\t\t\t\t<\/div>\n\t\t\t\t<\/div>\n\t\t\t\t<\/div>\n\t\t","protected":false},"excerpt":{"rendered":"<p>\u00daltimas entradas Farandula Dayanita rompe en llanto durante su discurso por Navidad: \u201cNunca la pas\u00e9 en familia\u201d La c\u00f3mica Dayanita se emocion\u00f3 hasta las l\u00e1grimas durante la cena navide\u00f1a organizada por el elenco del programa \u2018JB en ATV\u2019. La actriz cont\u00f3 c\u00f3mo pas\u00f3 la Navidad toda su vida y lo duro que es esta fecha [&hellip;]<\/p>\n","protected":false},"author":2,"featured_media":6890,"parent":0,"menu_order":0,"comment_status":"closed","ping_status":"closed","template":"","meta":{"footnotes":""},"class_list":["post-1921","page","type-page","status-publish","has-post-thumbnail","hentry"],"yoast_head":"<!-- This site is optimized with the Yoast SEO Premium plugin v25.7.1 (Yoast SEO v27.7) - https:\/\/yoast.com\/product\/yoast-seo-premium-wordpress\/ -->\n<title>Noticias - Stereo Visi\u00f3n de Dios<\/title>\n<meta name=\"robots\" content=\"index, follow, max-snippet:-1, max-image-preview:large, max-video-preview:-1\" \/>\n<link rel=\"canonical\" href=\"https:\/\/stereovisiondedios.com\/?page_id=1921\" \/>\n<meta property=\"og:locale\" content=\"es_ES\" \/>\n<meta property=\"og:type\" content=\"article\" \/>\n<meta property=\"og:title\" content=\"Noticias\" \/>\n<meta property=\"og:description\" content=\"\u00daltimas entradas Farandula Dayanita rompe en llanto durante su discurso por Navidad: \u201cNunca la pas\u00e9 en familia\u201d La c\u00f3mica Dayanita se emocion\u00f3 hasta las l\u00e1grimas durante la cena navide\u00f1a organizada por el elenco del programa \u2018JB en ATV\u2019. La actriz cont\u00f3 c\u00f3mo pas\u00f3 la Navidad toda su vida y lo duro que es esta fecha [&hellip;]\" \/>\n<meta property=\"og:url\" content=\"https:\/\/stereovisiondedios.com\/?page_id=1921\" \/>\n<meta property=\"og:site_name\" content=\"Stereo Visi\u00f3n de Dios\" \/>\n<meta property=\"article:publisher\" content=\"https:\/\/www.facebook.com\/visiondedios106.9fm\" \/>\n<meta property=\"article:modified_time\" content=\"2025-08-19T18:40:44+00:00\" \/>\n<meta property=\"og:image\" content=\"https:\/\/stereovisiondedios.com\/wp-content\/uploads\/2025\/08\/www.fmhorizontesalta.com_.ar-4.png\" \/>\n\t<meta property=\"og:image:width\" content=\"1024\" \/>\n\t<meta property=\"og:image:height\" content=\"500\" \/>\n\t<meta property=\"og:image:type\" content=\"image\/png\" \/>\n<meta name=\"twitter:card\" content=\"summary_large_image\" \/>\n<meta name=\"twitter:label1\" content=\"Tiempo de lectura\" \/>\n\t<meta name=\"twitter:data1\" content=\"9 minutos\" \/>\n<script type=\"application\/ld+json\" class=\"yoast-schema-graph\">{\"@context\":\"https:\\\/\\\/schema.org\",\"@graph\":[{\"@type\":\"WebPage\",\"@id\":\"https:\\\/\\\/stereovisiondedios.com\\\/?page_id=1921\",\"url\":\"https:\\\/\\\/stereovisiondedios.com\\\/?page_id=1921\",\"name\":\"Noticias - Stereo Visi\u00f3n de Dios\",\"isPartOf\":{\"@id\":\"https:\\\/\\\/stereovisiondedios.com\\\/#website\"},\"primaryImageOfPage\":{\"@id\":\"https:\\\/\\\/stereovisiondedios.com\\\/?page_id=1921#primaryimage\"},\"image\":{\"@id\":\"https:\\\/\\\/stereovisiondedios.com\\\/?page_id=1921#primaryimage\"},\"thumbnailUrl\":\"https:\\\/\\\/stereovisiondedios.com\\\/wp-content\\\/uploads\\\/2025\\\/08\\\/www.fmhorizontesalta.com_.ar-4.png\",\"datePublished\":\"2024-12-25T03:15:27+00:00\",\"dateModified\":\"2025-08-19T18:40:44+00:00\",\"breadcrumb\":{\"@id\":\"https:\\\/\\\/stereovisiondedios.com\\\/?page_id=1921#breadcrumb\"},\"inLanguage\":\"es\",\"potentialAction\":[{\"@type\":\"ReadAction\",\"target\":[\"https:\\\/\\\/stereovisiondedios.com\\\/?page_id=1921\"]}]},{\"@type\":\"ImageObject\",\"inLanguage\":\"es\",\"@id\":\"https:\\\/\\\/stereovisiondedios.com\\\/?page_id=1921#primaryimage\",\"url\":\"https:\\\/\\\/stereovisiondedios.com\\\/wp-content\\\/uploads\\\/2025\\\/08\\\/www.fmhorizontesalta.com_.ar-4.png\",\"contentUrl\":\"https:\\\/\\\/stereovisiondedios.com\\\/wp-content\\\/uploads\\\/2025\\\/08\\\/www.fmhorizontesalta.com_.ar-4.png\",\"width\":1024,\"height\":500},{\"@type\":\"BreadcrumbList\",\"@id\":\"https:\\\/\\\/stereovisiondedios.com\\\/?page_id=1921#breadcrumb\",\"itemListElement\":[{\"@type\":\"ListItem\",\"position\":1,\"name\":\"Home\",\"item\":\"https:\\\/\\\/stereovisiondedios.com\\\/\"},{\"@type\":\"ListItem\",\"position\":2,\"name\":\"Noticias\"}]},{\"@type\":\"WebSite\",\"@id\":\"https:\\\/\\\/stereovisiondedios.com\\\/#website\",\"url\":\"https:\\\/\\\/stereovisiondedios.com\\\/\",\"name\":\"Stereo Visi\u00f3n de Dios\",\"description\":\"Conectate...\",\"publisher\":{\"@id\":\"https:\\\/\\\/stereovisiondedios.com\\\/#organization\"},\"potentialAction\":[{\"@type\":\"SearchAction\",\"target\":{\"@type\":\"EntryPoint\",\"urlTemplate\":\"https:\\\/\\\/stereovisiondedios.com\\\/?s={search_term_string}\"},\"query-input\":{\"@type\":\"PropertyValueSpecification\",\"valueRequired\":true,\"valueName\":\"search_term_string\"}}],\"inLanguage\":\"es\"},{\"@type\":\"Organization\",\"@id\":\"https:\\\/\\\/stereovisiondedios.com\\\/#organization\",\"name\":\"Radio Stereo Visi\u00f3n de Dios\",\"url\":\"https:\\\/\\\/stereovisiondedios.com\\\/\",\"logo\":{\"@type\":\"ImageObject\",\"inLanguage\":\"es\",\"@id\":\"https:\\\/\\\/stereovisiondedios.com\\\/#\\\/schema\\\/logo\\\/image\\\/\",\"url\":\"https:\\\/\\\/stereovisiondedios.com\\\/wp-content\\\/uploads\\\/2024\\\/10\\\/www.fmhorizontesalta.com_.ar-5-1.png\",\"contentUrl\":\"https:\\\/\\\/stereovisiondedios.com\\\/wp-content\\\/uploads\\\/2024\\\/10\\\/www.fmhorizontesalta.com_.ar-5-1.png\",\"width\":555,\"height\":114,\"caption\":\"Radio Stereo Visi\u00f3n de Dios\"},\"image\":{\"@id\":\"https:\\\/\\\/stereovisiondedios.com\\\/#\\\/schema\\\/logo\\\/image\\\/\"},\"sameAs\":[\"https:\\\/\\\/www.facebook.com\\\/visiondedios106.9fm\",\"https:\\\/\\\/www.tiktok.com\\\/@vision_de_dios_106_9_fm\",\"https:\\\/\\\/www.youtube.com\\\/@radiovisiondediosstereo106.9\"]}]}<\/script>\n<!-- \/ Yoast SEO Premium plugin. -->","yoast_head_json":{"title":"Noticias - Stereo Visi\u00f3n de Dios","robots":{"index":"index","follow":"follow","max-snippet":"max-snippet:-1","max-image-preview":"max-image-preview:large","max-video-preview":"max-video-preview:-1"},"canonical":"https:\/\/stereovisiondedios.com\/?page_id=1921","og_locale":"es_ES","og_type":"article","og_title":"Noticias","og_description":"\u00daltimas entradas Farandula Dayanita rompe en llanto durante su discurso por Navidad: \u201cNunca la pas\u00e9 en familia\u201d La c\u00f3mica Dayanita se emocion\u00f3 hasta las l\u00e1grimas durante la cena navide\u00f1a organizada por el elenco del programa \u2018JB en ATV\u2019. La actriz cont\u00f3 c\u00f3mo pas\u00f3 la Navidad toda su vida y lo duro que es esta fecha [&hellip;]","og_url":"https:\/\/stereovisiondedios.com\/?page_id=1921","og_site_name":"Stereo Visi\u00f3n de Dios","article_publisher":"https:\/\/www.facebook.com\/visiondedios106.9fm","article_modified_time":"2025-08-19T18:40:44+00:00","og_image":[{"width":1024,"height":500,"url":"https:\/\/stereovisiondedios.com\/wp-content\/uploads\/2025\/08\/www.fmhorizontesalta.com_.ar-4.png","type":"image\/png"}],"twitter_card":"summary_large_image","twitter_misc":{"Tiempo de lectura":"9 minutos"},"schema":{"@context":"https:\/\/schema.org","@graph":[{"@type":"WebPage","@id":"https:\/\/stereovisiondedios.com\/?page_id=1921","url":"https:\/\/stereovisiondedios.com\/?page_id=1921","name":"Noticias - Stereo Visi\u00f3n de Dios","isPartOf":{"@id":"https:\/\/stereovisiondedios.com\/#website"},"primaryImageOfPage":{"@id":"https:\/\/stereovisiondedios.com\/?page_id=1921#primaryimage"},"image":{"@id":"https:\/\/stereovisiondedios.com\/?page_id=1921#primaryimage"},"thumbnailUrl":"https:\/\/stereovisiondedios.com\/wp-content\/uploads\/2025\/08\/www.fmhorizontesalta.com_.ar-4.png","datePublished":"2024-12-25T03:15:27+00:00","dateModified":"2025-08-19T18:40:44+00:00","breadcrumb":{"@id":"https:\/\/stereovisiondedios.com\/?page_id=1921#breadcrumb"},"inLanguage":"es","potentialAction":[{"@type":"ReadAction","target":["https:\/\/stereovisiondedios.com\/?page_id=1921"]}]},{"@type":"ImageObject","inLanguage":"es","@id":"https:\/\/stereovisiondedios.com\/?page_id=1921#primaryimage","url":"https:\/\/stereovisiondedios.com\/wp-content\/uploads\/2025\/08\/www.fmhorizontesalta.com_.ar-4.png","contentUrl":"https:\/\/stereovisiondedios.com\/wp-content\/uploads\/2025\/08\/www.fmhorizontesalta.com_.ar-4.png","width":1024,"height":500},{"@type":"BreadcrumbList","@id":"https:\/\/stereovisiondedios.com\/?page_id=1921#breadcrumb","itemListElement":[{"@type":"ListItem","position":1,"name":"Home","item":"https:\/\/stereovisiondedios.com\/"},{"@type":"ListItem","position":2,"name":"Noticias"}]},{"@type":"WebSite","@id":"https:\/\/stereovisiondedios.com\/#website","url":"https:\/\/stereovisiondedios.com\/","name":"Stereo Visi\u00f3n de Dios","description":"Conectate...","publisher":{"@id":"https:\/\/stereovisiondedios.com\/#organization"},"potentialAction":[{"@type":"SearchAction","target":{"@type":"EntryPoint","urlTemplate":"https:\/\/stereovisiondedios.com\/?s={search_term_string}"},"query-input":{"@type":"PropertyValueSpecification","valueRequired":true,"valueName":"search_term_string"}}],"inLanguage":"es"},{"@type":"Organization","@id":"https:\/\/stereovisiondedios.com\/#organization","name":"Radio Stereo Visi\u00f3n de Dios","url":"https:\/\/stereovisiondedios.com\/","logo":{"@type":"ImageObject","inLanguage":"es","@id":"https:\/\/stereovisiondedios.com\/#\/schema\/logo\/image\/","url":"https:\/\/stereovisiondedios.com\/wp-content\/uploads\/2024\/10\/www.fmhorizontesalta.com_.ar-5-1.png","contentUrl":"https:\/\/stereovisiondedios.com\/wp-content\/uploads\/2024\/10\/www.fmhorizontesalta.com_.ar-5-1.png","width":555,"height":114,"caption":"Radio Stereo Visi\u00f3n de Dios"},"image":{"@id":"https:\/\/stereovisiondedios.com\/#\/schema\/logo\/image\/"},"sameAs":["https:\/\/www.facebook.com\/visiondedios106.9fm","https:\/\/www.tiktok.com\/@vision_de_dios_106_9_fm","https:\/\/www.youtube.com\/@radiovisiondediosstereo106.9"]}]}},"_links":{"self":[{"href":"https:\/\/stereovisiondedios.com\/index.php?rest_route=\/wp\/v2\/pages\/1921","targetHints":{"allow":["GET"]}}],"collection":[{"href":"https:\/\/stereovisiondedios.com\/index.php?rest_route=\/wp\/v2\/pages"}],"about":[{"href":"https:\/\/stereovisiondedios.com\/index.php?rest_route=\/wp\/v2\/types\/page"}],"author":[{"embeddable":true,"href":"https:\/\/stereovisiondedios.com\/index.php?rest_route=\/wp\/v2\/users\/2"}],"replies":[{"embeddable":true,"href":"https:\/\/stereovisiondedios.com\/index.php?rest_route=%2Fwp%2Fv2%2Fcomments&post=1921"}],"version-history":[{"count":0,"href":"https:\/\/stereovisiondedios.com\/index.php?rest_route=\/wp\/v2\/pages\/1921\/revisions"}],"wp:featuredmedia":[{"embeddable":true,"href":"https:\/\/stereovisiondedios.com\/index.php?rest_route=\/wp\/v2\/media\/6890"}],"wp:attachment":[{"href":"https:\/\/stereovisiondedios.com\/index.php?rest_route=%2Fwp%2Fv2%2Fmedia&parent=1921"}],"curies":[{"name":"wp","href":"https:\/\/api.w.org\/{rel}","templated":true}]}}